{"id":2037,"date":"2021-11-04T12:01:45","date_gmt":"2021-11-04T11:01:45","guid":{"rendered":"https:\/\/annamaldonadojoyas.com\/?page_id=2037"},"modified":"2021-11-04T12:22:21","modified_gmt":"2021-11-04T11:22:21","slug":"politica-de-privacidad","status":"publish","type":"page","link":"https:\/\/annamaldonadojoyas.com\/ca\/politica-de-privacidad\/","title":{"rendered":"Pol\u00edtica de Privacitat"},"content":{"rendered":"<header class=\"entry-header\">\n<h2 class=\"entry-title\"><strong style=\"color: var(--font-color); font-family: var(--primary-font); font-size: 18px;\">1.<\/strong><span style=\"color: var(--font-color); font-family: var(--primary-font); font-size: 18px; font-weight: 400;\">\u00a0<\/span><strong style=\"color: var(--font-color); font-family: var(--primary-font); font-size: 18px;\">INFORMACI\u00d3 A L'USUARI<\/strong><\/h2>\n<\/header>\n<div class=\"entry-content\">\n<p class=\"translation-block\"><strong>AGP ATELIER 1913, S.L.<\/strong>, com Responsable del Tractament, li informa que, segons all\u00f2 disposat al Reglament (UE) 2016\/679, del 27 d'abril, (RGPD) i a la L.O. 3\/2018, del 5 de desembre, de protecci\u00f3 de dades i garantia dels drets digitals (LOPDGDD), tractarem les seves dades tal i com reflexem a la present Pol\u00edtica de Privacitat.<\/p>\n<p>A aquesta Pol\u00edtica de Privacitat describim com recollim les seves dades personals i per qu\u00e8 les recollim, qu\u00e8 fem amb elles, amb qui les compartim, com les protegim i les seves opcions en quant al tractament de les seves dades personals.<\/p>\n<p>Aquesta Pol\u00edtica s'aplica al tractament de les seves dades personals recollides per les empreses per a la prestaci\u00f3 dels seus serveis. SI accepta les mides d'aquesta Pol\u00edtica, accepta que tractem les seves dades personals com es defineix en aquesta Pol\u00edtica.<\/p>\n<p><strong>2. CONTACTE<\/strong><\/p>\n<p class=\"translation-block\">Denominaci\u00f3 social: <strong>AGP ATELIER 1913, S.L.<\/strong><br>\nNom comercial: <strong>AGP ATELIER 1913, S.L.<\/strong><br>\nCIF:\u00a0<strong>B66898610<\/strong><br>\nDomicili:\u00a0<strong>c\/ Viladomat, 97 \u2013 08015 BARCELONA (ESPA\u00d1A)<\/strong><br>\ne-mail:\u00a0<strong>info@annamaldonadojoyas.com<\/strong><\/p>\n<p><strong>3. PRINCIPIS CLAU<\/strong><\/p>\n<p>Sempre hem estat compromesos a prestar els nostres serveis amb la m\u00e9s alta qualitat, la qual cosa inclou tractar les seves dades amb seguretat i transpar\u00e8ncia. Els nostres principis s\u00f3n:<\/p>\n<ul>\n<li class=\"translation-block\"><strong>Legalitat<\/strong>: Nom\u00e9s recopil\u00b7larem les seves dades personales per a finalitats espec\u00edfiques, expl\u00edcites i leg\u00edtimes.<\/li>\n<li class=\"translation-block\"><strong>Minimitzaci\u00f3 de dades<\/strong>: Limitem la recollida de dades de car\u00e0cter personal a all\u00f2 que \u00e9s estrictament rellevant i necessari per a les finalitats per a les quals s'han recopil\u00b7lat.<\/li>\n<li class=\"translation-block\"><strong>Limitaci\u00f3 de la Finalitat<\/strong>: Nom\u00e9s recollirem les seves dades personals per a les finalitats declarades i nom\u00e9s segons els seus desitjos.<\/li>\n<li class=\"translation-block\"><strong>Precisi\u00f3<\/strong>: Mantindrem les seves dades personals exactes i actualitzades.<\/li>\n<li class=\"translation-block\"><strong>Seguretat de les Dades<\/strong>: Apliquem les mides t\u00e8cniques i organitzatives adequades i proporcionals als riscos per a garantitzar que les seves dades no pateixin danys, tals com divulgaci\u00f3 o acc\u00e8s no autoritzat, la destrucci\u00f3 accidental o il\u00b7l\u00edcita o la seva p\u00e8rdua accidental o alteraci\u00f3 i qualsevol altra forma de tractament il\u00b7l\u00edcit.<\/li>\n<li class=\"translation-block\"><strong>Acc\u00e8s i Rectificaci\u00f3<\/strong>: Disposem de mitjans per a que accedeixi o rectifiqui les seves dades quan ho consideri oport\u00fa.<\/li>\n<li class=\"translation-block\"><strong>Conservaci\u00f3<\/strong>: Conservem les seves dades personals de manera legal i apropiada i nom\u00e9s mentre \u00e9s necessari per a les finalitats per a les quals s'han recopil\u00b7lat.<\/li>\n<li class=\"translation-block\"><strong>Las transfer\u00e8ncies internacionals<\/strong>: si es don\u00e9s el cas de que les seves dades han de ser transferides a fora de la UE\/EEE, es protegiran adequadament.<\/li>\n<li class=\"translation-block\"><strong>Tercers<\/strong>: L'acc\u00e8s i transfer\u00e8ncia de dades personals a tercers es porten a terme d'acord amb les lleis i reglaments aplicables i amb les garanties contractuals adequades.<\/li>\n<li class=\"translation-block\"><strong>Marketing Directe y Cookies<\/strong>: Acomplim amb la legislaci\u00f3 aplicable en mat\u00e8ria de publicitat i cookies.<\/li>\n<\/ul>\n<p class=\"translation-block\"><strong>4. RECOLLIDA I TRACTAMENT DE LES SEVES DADES PERSONALS<\/strong><br> Els tipus de dades qeu es poden sol\u00b7licitar i tractar s\u00f3n aquelles de car\u00e0cter identificatiu.<\/p>\n<p>Tamb\u00e9 recollirem de forma autom\u00e0tica dades sobre la seva visita al nostre lloc web, segons es descriu a la Pol\u00edtica de Cookies.<\/p>\n<p class=\"translation-block\">Sempre que sol\u00b7licitem les seves dades personals, li informarem amb claritat de qu\u00e8 s\u00f3n les dades personals que recollim i amb quina finalitat. en general, recollim i tractem les seves dades personals amb el prop\u00f2sit de:<br>\n- Proporcionar informaci\u00f3, serveis, productes, informaci\u00f3 rellevant i novetats del sector.<br>\n-Enviament de comunicacions.<\/p>\n<p><strong>5. LEGITIMITAT<\/strong><\/p>\n<p>D'acord amb la normativa de protecci\u00f3 de dades aplicable, les seves dades personals podran tractar-se sempre que:<\/p>\n<p>- Ens ha donat el seu consentiment als efectes del tractament. Per descomptat podr\u00e0 retirar el seu consentiment en qualsevol moment.<br \/>\n- Per requeriment legal.<br \/>\n- Pot existir un inter\u00e8s leg\u00edtim que no es vegi menyscabat pels seus drets de privacitat, com per exemple l'enviament d'informaci\u00f3 comercial per la seva suscripci\u00f3 a la nostra newsletter o per la seva condici\u00f3 de client.<br \/>\n- Per ser necess\u00e0ria per a la prestaci\u00f3 d'algun dels nostres serveus mitjan\u00e7ant una relaci\u00f3 contractual entre vost\u00e8 i nosaltres.<\/p>\n<p><strong>6. COMUNICACI\u00d3 DE DADES PERSONALS<\/strong><\/p>\n<p class=\"translation-block\">Les dades poden ser comunicades a empreses relacionades amb <strong>AGP ATELIER 1913, S.L.<\/strong>\u00a0per a la prestaci\u00f3 dels diferents serveis en qualitat d'Encarregats del Tractament. L'empresa no realitzar\u00e0 cap cessi\u00f3, excepte per obligaci\u00f3 legal.<\/p>\n<p><strong>7. ELS SEUS DRETS<\/strong><\/p>\n<p>En relaci\u00f3 amb la recollida i tractament de les seves dades personals, pot posar-se en contacte amb nosaltres en qualsevol moment per a:<\/p>\n<p>- Accedir a les seves dades personals i a qualsevol altra informaci\u00f3 indicada a l'Article 15.1 del RGPD.<br \/>\n- Rectificar les seves dades personals que siguin inexactes o estiguin incomplertes, d'acord amb l'Article 16 del RGPD.<br \/>\n- Suprimir les seves dades personals, d'acord amb l'Article 17 del RGPD.<br \/>\n- Limitar el tractament de les seves dades personals, d'acord amb l'Article 18 del RGPD.<br \/>\n- Sol\u00b7licitar la portabilitat de les seves dades, d'acord amb l'Article 20 del <a href=\"https:\/\/presencialismo.com\/\" target=\"_blank\" rel=\"noreferrer noopener\">RGPD<\/a>.<br \/>\n- Oposar-se al tractament de les seves dades personals, d'acord amb l'Article 21 del RGPD.<\/p>\n<p>Si ha otorgat el seu consentiment per a alguna finalitat concreta, t\u00e9 dret a retirar el seu consentiment otorgat en qualsevol moment, sin que aix\u00f2 afecti a la licitut del tractament basat en el consentiment previ a la seva retirada.<\/p>\n<p>Pot exercir aquests drets enviant counicaci\u00f3, motivada i acreditada, a info@annamaldonadojoyas.com.<\/p>\n<p class=\"translation-block\">Tamb\u00e9 t\u00e9 dret a presentar una reclamaci\u00f3 davant de l'Autoritat de control competent  (<a href=\"https:\/\/aepd.es\/\" target=\"_self\" rel=\"noreferrer noopener\">www.aepd.es<\/a>) si es considera que el tractament no s'ajusta a la normativa vigent.<\/p>\n<p><strong>8. INFORMACI\u00d3 LEGAL<\/strong><br \/>\nEls requisits d'aquesta Pol\u00edtica complementen, i no substitueixen, qualsevol altre requisit existent sota la llei de protecci\u00f3 de dades aplicable, que sigui la que prevalgui en qualsevol cas.<\/p>\n<p>Aquesta Pol\u00edtica est\u00e0 subjecta a revisions peri\u00f2diques i l'empresa pot modificar-la en qualsevol moment. Quan aix\u00f2 passi, li avisarem de qualsevol canvi i li demanarem que torni a llegir la versi\u00f3 m\u00e9s recent de la nostra Pol\u00edtica i que confirmi la seva acceptaci\u00f3.<\/p>\n<\/div>","protected":false},"excerpt":{"rendered":"<p>1.\u00a0INFORMACI\u00d3N AL USUARIO AGP ATELIER 1913, S.L., como Responsable del Tratamiento, le informa que, seg\u00fan lo dispuesto en el Reglamento (UE) 2016\/679, de 27 de &hellip; <\/p>","protected":false},"author":187014957,"featured_media":0,"parent":0,"menu_order":0,"comment_status":"closed","ping_status":"closed","template":"","meta":{"_crdt_document":"","advanced_seo_description":"","jetpack_seo_html_title":"","jetpack_seo_noindex":false,"footnotes":""},"class_list":["post-2037","page","type-page","status-publish","hentry","latest_post"],"jetpack_likes_enabled":false,"jetpack_sharing_enabled":true,"jetpack_shortlink":"https:\/\/wp.me\/Pc3c7q-wR","amp_enabled":true,"_links":{"self":[{"href":"https:\/\/annamaldonadojoyas.com\/ca\/wp-json\/wp\/v2\/pages\/2037","targetHints":{"allow":["GET"]}}],"collection":[{"href":"https:\/\/annamaldonadojoyas.com\/ca\/wp-json\/wp\/v2\/pages"}],"about":[{"href":"https:\/\/annamaldonadojoyas.com\/ca\/wp-json\/wp\/v2\/types\/page"}],"author":[{"embeddable":true,"href":"https:\/\/annamaldonadojoyas.com\/ca\/wp-json\/wp\/v2\/users\/187014957"}],"replies":[{"embeddable":true,"href":"https:\/\/annamaldonadojoyas.com\/ca\/wp-json\/wp\/v2\/comments?post=2037"}],"version-history":[{"count":3,"href":"https:\/\/annamaldonadojoyas.com\/ca\/wp-json\/wp\/v2\/pages\/2037\/revisions"}],"predecessor-version":[{"id":2042,"href":"https:\/\/annamaldonadojoyas.com\/ca\/wp-json\/wp\/v2\/pages\/2037\/revisions\/2042"}],"wp:attachment":[{"href":"https:\/\/annamaldonadojoyas.com\/ca\/wp-json\/wp\/v2\/media?parent=2037"}],"curies":[{"name":"wp","href":"https:\/\/api.w.org\/{rel}","templated":true}]}}